{"id":48,"date":"2016-12-09T07:05:31","date_gmt":"2016-12-09T06:05:31","guid":{"rendered":"http:\/\/www.farabrodnica.pl\/wordpress\/?page_id=48"},"modified":"2024-05-15T14:21:19","modified_gmt":"2024-05-15T12:21:19","slug":"o-nas","status":"publish","type":"page","link":"http:\/\/www.farabrodnica.pl\/wordpress\/o-nas\/","title":{"rendered":"O NAS"},"content":{"rendered":"\t\t<div data-elementor-type=\"wp-page\" data-elementor-id=\"48\" class=\"elementor elementor-48\" data-elementor-post-type=\"page\">\n\t\t\t\t\t\t<section class=\"elementor-section elementor-top-section elementor-element elementor-element-ac952b1 elementor-section-boxed elementor-section-height-default elementor-section-height-default\" data-id=\"ac952b1\" data-element_type=\"section\" data-settings=\"{&quot;_ha_eqh_enable&quot;:false}\">\n\t\t\t\t\t\t<div class=\"elementor-container elementor-column-gap-default\">\n\t\t\t\t\t<div class=\"elementor-column elementor-col-100 elementor-top-column elementor-element elementor-element-bcf3f88\" data-id=\"bcf3f88\" data-element_type=\"column\">\n\t\t\t<div class=\"elementor-widget-wrap elementor-element-populated\">\n\t\t\t\t\t\t<div class=\"elementor-element elementor-element-ecc5f16 elementor-widget elementor-widget-text-editor\" data-id=\"ecc5f16\" data-element_type=\"widget\" data-widget_type=\"text-editor.default\">\n\t\t\t\t<div class=\"elementor-widget-container\">\n\t\t\t\t\t\t\t<p style=\"text-align: center;\"><span style=\"font-size: 14pt;\"><strong>Parafia rzymskokatolicka<br \/>pw. \u015bw. Katarzyny Aleksandryjskiej<\/strong><\/span><\/p><p style=\"text-align: center;\"><span style=\"font-size: 14pt;\">ul. Farna 1<\/span><\/p><p style=\"text-align: center;\"><span style=\"font-size: 14pt;\">\u00a087-300 Brodnica<\/span><\/p><p style=\"text-align: center;\"><span style=\"font-size: 14pt;\">tel. 690\u00a0804\u00a0802<\/span><\/p><p style=\"text-align: center;\"><span style=\"font-size: 14pt;\"><a href=\"mailto:brodnica.fara@gmail.com\">brodnica.fara@gmail.com<\/a><\/span><\/p><p style=\"text-align: center;\"><span style=\"font-size: 14pt;\"><strong>\u00a0<\/strong><\/span><\/p><p style=\"text-align: center;\"><span style=\"font-size: 14pt;\"><strong>KONTO PARAFIALNE<\/strong><\/span><\/p><p style=\"text-align: center;\"><span style=\"font-size: 14pt;\"><strong>Bank Sp\u00f3\u0142dzielczy w Brodnicy<\/strong><\/span><\/p><p style=\"text-align: center;\"><span style=\"font-size: 14pt;\">02 9484 1150 0000 1241 2000 0001<\/span><\/p>\t\t\t\t\t\t<\/div>\n\t\t\t\t<\/div>\n\t\t\t\t\t<\/div>\n\t\t<\/div>\n\t\t\t\t\t<\/div>\n\t\t<\/section>\n\t\t\t\t<section class=\"elementor-section elementor-top-section elementor-element elementor-element-5c83ba1 elementor-section-boxed elementor-section-height-default elementor-section-height-default\" data-id=\"5c83ba1\" data-element_type=\"section\" data-settings=\"{&quot;_ha_eqh_enable&quot;:false}\">\n\t\t\t\t\t\t<div class=\"elementor-container elementor-column-gap-default\">\n\t\t\t\t\t<div class=\"elementor-column elementor-col-100 elementor-top-column elementor-element elementor-element-5a4b5ba\" data-id=\"5a4b5ba\" data-element_type=\"column\">\n\t\t\t<div class=\"elementor-widget-wrap elementor-element-populated\">\n\t\t\t\t\t\t<div class=\"elementor-element elementor-element-b61c1d6 elementor-widget elementor-widget-text-editor\" data-id=\"b61c1d6\" data-element_type=\"widget\" data-widget_type=\"text-editor.default\">\n\t\t\t\t<div class=\"elementor-widget-container\">\n\t\t\t\t\t\t\t<p style=\"text-align: center;\"><span style=\"font-size: 18pt;\"><strong>BIURO PARAFIALNE<\/strong><\/span><\/p>\t\t\t\t\t\t<\/div>\n\t\t\t\t<\/div>\n\t\t\t\t<div class=\"elementor-element elementor-element-0bdb06f elementor-widget elementor-widget-text-editor\" data-id=\"0bdb06f\" data-element_type=\"widget\" data-widget_type=\"text-editor.default\">\n\t\t\t\t<div class=\"elementor-widget-container\">\n\t\t\t\t\t\t\t<p style=\"text-align: center;\"><span style=\"font-size: 14pt;\"><strong>PONIEDZIA\u0141EK<\/strong><\/span><\/p><p style=\"text-align: center;\"><span style=\"font-size: 14pt;\">10:00 &#8211; 12:00, 16:00 &#8211; 17:00<\/span><\/p><p style=\"text-align: center;\"><span style=\"font-size: 14pt;\"><strong>WTOREK<\/strong><\/span><\/p><p style=\"text-align: center;\"><span style=\"font-size: 14pt;\">10:00 &#8211; 12:00<\/span><\/p><p style=\"text-align: center;\"><span style=\"font-size: 14pt;\"><strong>\u015aRODA<\/strong><\/span><\/p><p style=\"text-align: center;\"><span style=\"font-size: 14pt;\">10:00 &#8211; 12:00<\/span><\/p><p style=\"text-align: center;\"><span style=\"font-size: 14pt;\"><strong>CZWARTEK<\/strong><\/span><\/p><p style=\"text-align: center;\"><span style=\"font-size: 14pt;\">10:00 &#8211; 12:00<\/span><\/p><p style=\"text-align: center;\"><span style=\"font-size: 14pt;\"><strong>PI\u0104TEK<\/strong><\/span><\/p><p style=\"text-align: center;\"><span style=\"font-size: 14pt;\">10:00 &#8211; 12:00, 16:00 &#8211; 17:00<\/span><\/p>\t\t\t\t\t\t<\/div>\n\t\t\t\t<\/div>\n\t\t\t\t<div class=\"elementor-element elementor-element-17bb694 elementor-widget elementor-widget-text-editor\" data-id=\"17bb694\" data-element_type=\"widget\" data-widget_type=\"text-editor.default\">\n\t\t\t\t<div class=\"elementor-widget-container\">\n\t\t\t\t\t\t\t<p style=\"text-align: center;\"><span style=\"font-size: 18pt;\"><strong>DUSZPASTERZE<\/strong><\/span><\/p>\t\t\t\t\t\t<\/div>\n\t\t\t\t<\/div>\n\t\t\t\t<div class=\"elementor-element elementor-element-1a22425 elementor-widget elementor-widget-text-editor\" data-id=\"1a22425\" data-element_type=\"widget\" data-widget_type=\"text-editor.default\">\n\t\t\t\t<div class=\"elementor-widget-container\">\n\t\t\t\t\t\t\t<p style=\"text-align: center;\"><span style=\"font-size: 14pt;\">Proboszcz:<\/span><\/p><p style=\"text-align: center;\"><span style=\"font-size: 14pt;\">ks. dr Mariusz Stasiak<\/span><\/p><p style=\"text-align: center;\"><span style=\"font-size: 14pt;\"><strong>Wikariusze:<\/strong><\/span><\/p><p style=\"text-align: center;\"><span style=\"font-size: 14pt;\">ks. mgr Jaros\u0142aw Zieli\u0144ski<\/span><\/p><p style=\"text-align: center;\"><span style=\"font-size: 14pt;\">ks. mgr Adam Kordek<\/span><\/p><p style=\"text-align: center;\"><span style=\"font-size: 14pt;\">ks. mgr Pawe\u0142 Lewandowski<\/span><\/p><p style=\"text-align: center;\"><span style=\"font-size: 14pt;\">ks. mgr in\u017c. Rafa\u0142 Kreczman<\/span><\/p><p style=\"text-align: center;\"><span style=\"font-size: 14pt;\"><strong>Rezydent:<\/strong><\/span><\/p><p style=\"text-align: center;\"><span style=\"font-size: 14pt;\">ks. pra\u0142. Stanis\u0142aw Andrik<\/span><\/p><p style=\"text-align: center;\"><span style=\"font-size: 14pt;\">ks. mgr Grzegorz Bohdan\u00a0 (dyrektor Brodnickiego Centrum Caritas)<\/span><\/p><p style=\"text-align: center;\"><span style=\"font-size: 14pt;\">ks. Jan \u017bymant<\/span><\/p><p style=\"text-align: center;\"><span style=\"font-size: 14pt;\">ks. Stanis\u0142aw B\u0142aszkowski<\/span><\/p>\t\t\t\t\t\t<\/div>\n\t\t\t\t<\/div>\n\t\t\t\t\t<\/div>\n\t\t<\/div>\n\t\t\t\t\t<\/div>\n\t\t<\/section>\n\t\t\t\t<\/div>\n\t\t","protected":false},"excerpt":{"rendered":"<p>Parafia rzymskokatolickapw. \u015bw. Katarzyny Aleksandryjskiej ul. Farna 1 \u00a087-300 Brodnica tel. 690\u00a0804\u00a0802 brodnica.fara@gmail.com \u00a0 KONTO PARAFIALNE Bank Sp\u00f3\u0142dzielczy w Brodnicy 02 9484 1150 0000 1241 2000 0001 BIURO PARAFIALNE PONIEDZIA\u0141EK 10:00 &#8211; 12:00, 16:00 &#8211; 17:00 WTOREK 10:00 &#8211; 12:00 \u015aRODA 10:00 &#8211; 12:00 CZWARTEK 10:00 &#8211; 12:00 PI\u0104TEK 10:00 &#8211; 12:00, 16:00 &#8211; 17:00 [&hellip;]<\/p>\n","protected":false},"author":1,"featured_media":0,"parent":0,"menu_order":0,"comment_status":"closed","ping_status":"closed","template":"","meta":{"footnotes":""},"_links":{"self":[{"href":"http:\/\/www.farabrodnica.pl\/wordpress\/wp-json\/wp\/v2\/pages\/48"}],"collection":[{"href":"http:\/\/www.farabrodnica.pl\/wordpress\/wp-json\/wp\/v2\/pages"}],"about":[{"href":"http:\/\/www.farabrodnica.pl\/wordpress\/wp-json\/wp\/v2\/types\/page"}],"author":[{"embeddable":true,"href":"http:\/\/www.farabrodnica.pl\/wordpress\/wp-json\/wp\/v2\/users\/1"}],"replies":[{"embeddable":true,"href":"http:\/\/www.farabrodnica.pl\/wordpress\/wp-json\/wp\/v2\/comments?post=48"}],"version-history":[{"count":72,"href":"http:\/\/www.farabrodnica.pl\/wordpress\/wp-json\/wp\/v2\/pages\/48\/revisions"}],"predecessor-version":[{"id":342876,"href":"http:\/\/www.farabrodnica.pl\/wordpress\/wp-json\/wp\/v2\/pages\/48\/revisions\/342876"}],"wp:attachment":[{"href":"http:\/\/www.farabrodnica.pl\/wordpress\/wp-json\/wp\/v2\/media?parent=48"}],"curies":[{"name":"wp","href":"https:\/\/api.w.org\/{rel}","templated":true}]}}