{"id":101650,"date":"2022-05-01T10:51:01","date_gmt":"2022-05-01T08:51:01","guid":{"rendered":"http:\/\/www.farabrodnica.pl\/wordpress\/?page_id=101650"},"modified":"2026-04-21T20:42:48","modified_gmt":"2026-04-21T18:42:48","slug":"pierwsza-komunia-swieta-2022","status":"publish","type":"page","link":"http:\/\/www.farabrodnica.pl\/wordpress\/pierwsza-komunia-swieta-2022\/","title":{"rendered":"PIERWSZA KOMUNIA \u015aWI\u0118TA 2026"},"content":{"rendered":"\t\t<div data-elementor-type=\"wp-page\" data-elementor-id=\"101650\" class=\"elementor elementor-101650\" data-elementor-post-type=\"page\">\n\t\t\t\t\t\t<section class=\"elementor-section elementor-top-section elementor-element elementor-element-5f6858e elementor-section-boxed elementor-section-height-default elementor-section-height-default\" data-id=\"5f6858e\" data-element_type=\"section\" data-settings=\"{&quot;_ha_eqh_enable&quot;:false}\">\n\t\t\t\t\t\t<div class=\"elementor-container elementor-column-gap-default\">\n\t\t\t\t\t<div class=\"elementor-column elementor-col-100 elementor-top-column elementor-element elementor-element-10240c1\" data-id=\"10240c1\" data-element_type=\"column\">\n\t\t\t<div class=\"elementor-widget-wrap elementor-element-populated\">\n\t\t\t\t\t\t<div class=\"elementor-element elementor-element-c8a98f7 elementor-widget__width-initial elementor-widget elementor-widget-text-editor\" data-id=\"c8a98f7\" data-element_type=\"widget\" data-widget_type=\"text-editor.default\">\n\t\t\t\t<div class=\"elementor-widget-container\">\n\t\t\t\t\t\t\t<p>\u00a0<\/p><p style=\"text-align: center;\"><strong style=\"color: #800000; font-family: var( --e-global-typography-text-font-family ), Sans-serif;\"><span style=\"font-size: 28px;\">Daty uroczysto\u015bci Pierwszej Komunii \u015awi\u0119tej<\/span><\/strong><\/p><p style=\"text-align: center;\"><strong><span style=\"color: #ff0000; font-size: 32px;\">23 maja 2026<\/span><\/strong><\/p><p style=\"text-align: center;\">(czwarta sobota maja)<\/p><p style=\"text-align: center;\"><span style=\"font-size: 28px; color: #800000;\"><strong>Og\u0142oszenia dla rodzic\u00f3w dzieci przygotowuj\u0105cych si\u0119 do przyj\u0119cia Pierwszej Komunii \u015aWI\u0118TEJ\u00a0<\/strong><\/span><\/p><p>\u00a0<\/p><ul><li>Termin I Komunii \u015awi\u0119tej &#8211; zawsze 4 sobota maja &#8211; 23 maja 2026<\/li><li><span style=\"color: #ff0000;\">Godziny Mszy \u015awi\u0119tych\u00a0 z podzia\u0142em na klasy: 9:00 (SP7 klasy A i B), 11:00 (SP7 klasy C,D i E), 13:00 (SP1 klasy A i B)<\/span><\/li><li>\u00a0Rodzice wszystkich dzieci s\u0105 zobowi\u0105zani do dostarczenia do katechet\u00f3w aktualnego wyci\u0105gu z aktu chrztu dziecka (dotyczy wszystkich dzieci &#8211; tych chrzczonych w Farze w Brodnicy i w innych Parafiach)<\/li><li><strong>zgoda proboszcza<\/strong> (je\u015bli dziecko mieszka nie w naszej parafii) na przyst\u0105pienie do sakramentu w parafii innej ni\u017c miejsce zamieszkania.<\/li><li>Msza \u015awi\u0119ta dla dzieci\u00a0 &#8211; Ka\u017cda Niedziela o godzinie 11:00 w Farze<\/li><li>Szatki, fotograf i filmowanie &#8211; szczeg\u00f3\u0142y w pa\u017adzierniku<\/li><li><span style=\"font-size: 16px;\">Przymiarki szatek do I Komunii \u015awi\u0119tej odb\u0119d\u0105 si\u0119 11 pa\u017adziernika 2025 w godzinach 11:00 &#8211; 12:00 w SALCE W WIKARIATCE<\/span><\/li><\/ul><div><span style=\"font-size: medium;\">\u00a0<\/span><\/div>\t\t\t\t\t\t<\/div>\n\t\t\t\t<\/div>\n\t\t\t\t<div class=\"elementor-element elementor-element-dcc270d elementor-widget elementor-widget-heading\" data-id=\"dcc270d\" data-element_type=\"widget\" data-widget_type=\"heading.default\">\n\t\t\t\t<div class=\"elementor-widget-container\">\n\t\t\t<h2 class=\"elementor-heading-title elementor-size-default\">PRZYGOTOWANIA DO UROCZYSTO\u015aCI PIERWSZEJ KOMUNII \u015aWI\u0118TEJ <\/h2>\t\t<\/div>\n\t\t\t\t<\/div>\n\t\t\t\t<div class=\"elementor-element elementor-element-2185865 elementor-widget elementor-widget-image\" data-id=\"2185865\" data-element_type=\"widget\" data-widget_type=\"image.default\">\n\t\t\t\t<div class=\"elementor-widget-container\">\n\t\t\t\t\t\t\t\t\t\t\t\t\t<img fetchpriority=\"high\" decoding=\"async\" width=\"927\" height=\"789\" src=\"http:\/\/www.farabrodnica.pl\/wordpress\/wp-content\/uploads\/2026\/04\/Zrzut-ekranu-2026-04-21-o-20.24.42.png\" class=\"attachment-large size-large wp-image-343963\" alt=\"\" srcset=\"http:\/\/www.farabrodnica.pl\/wordpress\/wp-content\/uploads\/2026\/04\/Zrzut-ekranu-2026-04-21-o-20.24.42.png 927w, http:\/\/www.farabrodnica.pl\/wordpress\/wp-content\/uploads\/2026\/04\/Zrzut-ekranu-2026-04-21-o-20.24.42-300x255.png 300w, http:\/\/www.farabrodnica.pl\/wordpress\/wp-content\/uploads\/2026\/04\/Zrzut-ekranu-2026-04-21-o-20.24.42-768x654.png 768w\" sizes=\"(max-width: 927px) 100vw, 927px\" \/>\t\t\t\t\t\t\t\t\t\t\t\t\t<\/div>\n\t\t\t\t<\/div>\n\t\t\t\t<div class=\"elementor-element elementor-element-4baf3e4 elementor-widget elementor-widget-spacer\" data-id=\"4baf3e4\" data-element_type=\"widget\" data-widget_type=\"spacer.default\">\n\t\t\t\t<div class=\"elementor-widget-container\">\n\t\t\t\t\t<div class=\"elementor-spacer\">\n\t\t\t<div class=\"elementor-spacer-inner\"><\/div>\n\t\t<\/div>\n\t\t\t\t<\/div>\n\t\t\t\t<\/div>\n\t\t\t\t<div class=\"elementor-element elementor-element-e2ec753 elementor-widget elementor-widget-text-editor\" data-id=\"e2ec753\" data-element_type=\"widget\" data-widget_type=\"text-editor.default\">\n\t\t\t\t<div class=\"elementor-widget-container\">\n\t\t\t\t\t\t\t<p>1. UROCZYSTO\u015a\u0106 PIERWSZEJ KOMUNII \u015aWI\u0118TEJ rozpoczynamy 15 minut przed wyznaczon\u0105 godzin\u0105 Mszy \u015awi\u0119tej przy kaplicy pod murami Fary od strony ulicy Farnej<\/p><ul><li><span style=\"color: #003366;\">8:45 &#8211; zbi\u00f3rka, 9:00 Msza \u015awi\u0119ta<\/span>, \u00a0 <span style=\"color: #800000;\">10:45 &#8211; zbi\u00f3rka, 11:00 Msza \u015awi\u0119ta<\/span>, \u00a0 <span style=\"color: #008000;\">12:45 &#8211; zbi\u00f3rka, 13:00 Msza \u015awi\u0119ta,<\/span><\/li><li>przy kaplicy odb\u0119dzie si\u0119 po\u015bwi\u0119cenie \u015bwiec i dewocjonali\u00f3w oraz b\u0142ogos\u0142awie\u0144stwo dzieci przez rodzic\u00f3w<\/li><\/ul><p>2. Przygotowania porz\u0105dkowe ko\u015bcio\u0142a zapewnia Parafia.<\/p><p>3. Bia\u0142y Tydzie\u0144 &#8211; dzieci gromadz\u0105 si\u0119 w Niedziel\u0119 na Mszy \u015awi\u0119tej o godzinie 11:00, w dni powszednie na Mszy \u015awi\u0119tej i nabo\u017ce\u0144stwie majowym o godzinie 18:00.\u00a0<\/p><p>4. Pami\u0105tki Pierwszej Komunii \u015awi\u0119tej rozdamy po Mszy \u015awi\u0119tej w Pi\u0105tek 29 maja.\u00a0<\/p><p>5. \u00a0Prosimy o roztropne korzystanie z telefon\u00f3w kom\u00f3rkowych w celu wykonywania zdj\u0119\u0107. W tym celu s\u0105 wybrani przez rodzic\u00f3w dzieci odpowiednio przeszkoleni operatorzy i oni b\u0119d\u0105 wykonywa\u0107 fotografie. Dzi\u0119kujemy za zrozumienie.<\/p>\t\t\t\t\t\t<\/div>\n\t\t\t\t<\/div>\n\t\t\t\t<div class=\"elementor-element elementor-element-0606c6b elementor-widget elementor-widget-image\" data-id=\"0606c6b\" data-element_type=\"widget\" data-widget_type=\"image.default\">\n\t\t\t\t<div class=\"elementor-widget-container\">\n\t\t\t\t\t\t\t\t\t\t\t\t\t<img decoding=\"async\" width=\"474\" height=\"419\" src=\"http:\/\/www.farabrodnica.pl\/wordpress\/wp-content\/uploads\/2025\/09\/650fc65719b59a0e4a6df9b450853547.jpg\" class=\"attachment-large size-large wp-image-343636\" alt=\"\" srcset=\"http:\/\/www.farabrodnica.pl\/wordpress\/wp-content\/uploads\/2025\/09\/650fc65719b59a0e4a6df9b450853547.jpg 474w, http:\/\/www.farabrodnica.pl\/wordpress\/wp-content\/uploads\/2025\/09\/650fc65719b59a0e4a6df9b450853547-300x265.jpg 300w\" sizes=\"(max-width: 474px) 100vw, 474px\" \/>\t\t\t\t\t\t\t\t\t\t\t\t\t<\/div>\n\t\t\t\t<\/div>\n\t\t\t\t\t<\/div>\n\t\t<\/div>\n\t\t\t\t\t<\/div>\n\t\t<\/section>\n\t\t\t\t<section class=\"elementor-section elementor-top-section elementor-element elementor-element-d47bace elementor-section-boxed elementor-section-height-default elementor-section-height-default\" data-id=\"d47bace\" data-element_type=\"section\" data-settings=\"{&quot;_ha_eqh_enable&quot;:false}\">\n\t\t\t\t\t\t<div class=\"elementor-container elementor-column-gap-default\">\n\t\t\t\t\t<div class=\"elementor-column elementor-col-100 elementor-top-column elementor-element elementor-element-55781ae\" data-id=\"55781ae\" data-element_type=\"column\">\n\t\t\t<div class=\"elementor-widget-wrap elementor-element-populated\">\n\t\t\t\t\t\t<div class=\"elementor-element elementor-element-d11240a elementor-widget elementor-widget-text-editor\" data-id=\"d11240a\" data-element_type=\"widget\" data-widget_type=\"text-editor.default\">\n\t\t\t\t<div class=\"elementor-widget-container\">\n\t\t\t\t\t\t\t\t\t\t\t\t\t<\/div>\n\t\t\t\t<\/div>\n\t\t\t\t\t<\/div>\n\t\t<\/div>\n\t\t\t\t\t<\/div>\n\t\t<\/section>\n\t\t\t\t<section class=\"elementor-section elementor-top-section elementor-element elementor-element-298cfe4 elementor-section-boxed elementor-section-height-default elementor-section-height-default\" data-id=\"298cfe4\" data-element_type=\"section\" data-settings=\"{&quot;_ha_eqh_enable&quot;:false}\">\n\t\t\t\t\t\t<div class=\"elementor-container elementor-column-gap-default\">\n\t\t\t\t\t<div class=\"elementor-column elementor-col-100 elementor-top-column elementor-element elementor-element-43130e9\" data-id=\"43130e9\" data-element_type=\"column\">\n\t\t\t<div class=\"elementor-widget-wrap elementor-element-populated\">\n\t\t\t\t\t\t<div class=\"elementor-element elementor-element-395818b elementor-widget elementor-widget-spacer\" data-id=\"395818b\" data-element_type=\"widget\" data-widget_type=\"spacer.default\">\n\t\t\t\t<div class=\"elementor-widget-container\">\n\t\t\t\t\t<div class=\"elementor-spacer\">\n\t\t\t<div class=\"elementor-spacer-inner\"><\/div>\n\t\t<\/div>\n\t\t\t\t<\/div>\n\t\t\t\t<\/div>\n\t\t\t\t\t<\/div>\n\t\t<\/div>\n\t\t\t\t\t<\/div>\n\t\t<\/section>\n\t\t\t\t<\/div>\n\t\t","protected":false},"excerpt":{"rendered":"<p>\u00a0 Daty uroczysto\u015bci Pierwszej Komunii \u015awi\u0119tej 23 maja 2026 (czwarta sobota maja) Og\u0142oszenia dla rodzic\u00f3w dzieci przygotowuj\u0105cych si\u0119 do przyj\u0119cia Pierwszej Komunii \u015aWI\u0118TEJ\u00a0 \u00a0 Termin I Komunii \u015awi\u0119tej &#8211; zawsze 4 sobota maja &#8211; 23 maja 2026 Godziny Mszy \u015awi\u0119tych\u00a0 z podzia\u0142em na klasy: 9:00 (SP7 klasy A i B), 11:00 (SP7 klasy C,D i [&hellip;]<\/p>\n","protected":false},"author":1,"featured_media":0,"parent":0,"menu_order":0,"comment_status":"closed","ping_status":"closed","template":"","meta":{"footnotes":""},"_links":{"self":[{"href":"http:\/\/www.farabrodnica.pl\/wordpress\/wp-json\/wp\/v2\/pages\/101650"}],"collection":[{"href":"http:\/\/www.farabrodnica.pl\/wordpress\/wp-json\/wp\/v2\/pages"}],"about":[{"href":"http:\/\/www.farabrodnica.pl\/wordpress\/wp-json\/wp\/v2\/types\/page"}],"author":[{"embeddable":true,"href":"http:\/\/www.farabrodnica.pl\/wordpress\/wp-json\/wp\/v2\/users\/1"}],"replies":[{"embeddable":true,"href":"http:\/\/www.farabrodnica.pl\/wordpress\/wp-json\/wp\/v2\/comments?post=101650"}],"version-history":[{"count":66,"href":"http:\/\/www.farabrodnica.pl\/wordpress\/wp-json\/wp\/v2\/pages\/101650\/revisions"}],"predecessor-version":[{"id":343978,"href":"http:\/\/www.farabrodnica.pl\/wordpress\/wp-json\/wp\/v2\/pages\/101650\/revisions\/343978"}],"wp:attachment":[{"href":"http:\/\/www.farabrodnica.pl\/wordpress\/wp-json\/wp\/v2\/media?parent=101650"}],"curies":[{"name":"wp","href":"https:\/\/api.w.org\/{rel}","templated":true}]}}